{"id":249,"date":"2025-03-12T15:27:57","date_gmt":"2025-03-12T15:27:57","guid":{"rendered":"https:\/\/staging.carboliq.com\/?page_id=249"},"modified":"2025-08-01T15:02:25","modified_gmt":"2025-08-01T15:02:25","slug":"umweltschutz","status":"publish","type":"page","link":"https:\/\/carboliq.com\/de\/nachhaltigkeit\/umweltschutz\/","title":{"rendered":"Umweltschutz"},"content":{"rendered":"\n<div class=\"wp-block-cover alignfull is-light hero has-white-background-color has-background\"><span aria-hidden=\"true\" class=\"wp-block-cover__background has-white-background-color has-background-dim-0 has-background-dim\"><\/span><div class=\"wp-block-cover__inner-container is-layout-flow wp-block-cover-is-layout-flow\">\n<div class=\"wp-block-columns is-layout-flex wp-container-core-columns-is-layout-28f84493 wp-block-columns-is-layout-flex\">\n<div class=\"wp-block-column is-vertically-aligned-center hero__content is-layout-flow wp-block-column-is-layout-flow\">\n<p>Umweltschutz <\/p>\n\n\n\n<h1 class=\"wp-block-heading\">Umweltschutz ist Zukunftssicherung<\/h1>\n\n\n\n<p>Das Leben auf der Erde h\u00e4ngt von funktionierenden \u00d6kosystemen ab. <br>Die Beeintr\u00e4chtigung dieser Systeme durch Kunststoffabf\u00e4lle hat sich zu einem globalen Problem entwickelt. Steigt die Kunststoffproduktion, nimmt auch die Umweltverm\u00fcllung zu und damit ist unsere Zukunft auf diesem Planeten gef\u00e4hrdet.<\/p>\n<\/div>\n\n\n\n<div class=\"wp-block-column is-vertically-aligned-center hero__media is-layout-flow wp-block-column-is-layout-flow\">\n<figure class=\"wp-block-image size-large\"><img data-dominant-color=\"a09a90\" data-has-transparency=\"false\" style=\"--dominant-color: #a09a90;\" loading=\"lazy\" decoding=\"async\" width=\"768\" height=\"432\" src=\"https:\/\/carboliq.com\/app\/uploads\/2025\/07\/iStock-1415812622-768x432.avif\" alt=\"\" class=\"wp-image-1769 not-transparent\" srcset=\"https:\/\/carboliq.com\/app\/uploads\/2025\/07\/iStock-1415812622-768x432.avif 768w, https:\/\/carboliq.com\/app\/uploads\/2025\/07\/iStock-1415812622-402x226.avif 402w\" sizes=\"auto, (max-width: 768px) 100vw, 768px\" \/><\/figure>\n<\/div>\n<\/div>\n<\/div><\/div>\n\n\n\n<section class=\"section \"><div class=\"section__inner\">\n<h2 class=\"wp-block-heading\">M\u00fcll vermeiden<\/h2>\n\n\n\n<p>Konsumverzicht ist die konsequenteste Form nachhaligen Handelns. Es geht mit einer v\u00f6lligen Neuausrichtung der eigenen Lebensweise einher und ist f\u00fcr die wenigsten Menschen eine Option. Situativer Konsumverzicht ist aber durchaus \u00fcblich und wird auch weit verbreitet praktiziert. Auch die Einschr\u00e4nkung von Konsum ist praktikabel. Wie oft erwischen wir uns bei der Auswahl von Konsumprodukten an vermeindlich nutzenerweiternden Eigenschaften, die wir dann doch nicht brauchen (rethink).<\/p>\n\n\n\n<div style=\"height:100px\" aria-hidden=\"true\" class=\"wp-block-spacer is-style-small\"><\/div>\n\n\n\n<h2 class=\"wp-block-heading\">M\u00fcll reduzieren<\/h2>\n\n\n\n<p>Beim Design von Produkten kann auf nicht notwendige Features verzichtet werden &#8211; ressourceneffizientes Design bezieht den Nutzen des Produktes mit ein. Design-for-recycling ist wichtig f\u00fcr die effiziente Wiedergewinnung der im Produkt enthaltenen Ressourcen. Die M\u00fcllvermeidung steht auch hier im Mittelpunkt.<\/p>\n\n\n\n<div style=\"height:100px\" aria-hidden=\"true\" class=\"wp-block-spacer is-style-small\"><\/div>\n\n\n\n<h2 class=\"wp-block-heading\">M\u00fcll sammeln<\/h2>\n\n\n\n<p>Ein wesentlicher Parameter f\u00fcr erfolgreiches Recycling ist die Qualit\u00e4t der Sammlung. Die daf\u00fcr erforderliche Infrastruktur ist u.U. aufw\u00e4ndig und die Motivation der M\u00fcll-Verursacher, diesen den Systemregeln entsprechend zu entsorgen, ist begrenzt. Hier bedarf es klarer Regeln sowie geeigneter Anreizsysteme. Letztlich wird der M\u00fcll-Besitzer die nachgefragte Ressource demjenigen zur Verf\u00fcgung stellen, der ihn an der damit verbundenen Wertsch\u00f6pfung in h\u00f6chstem Ma\u00dfe teilhaben l\u00e4\u00dft.<\/p>\n<\/div><\/section>\n\n\n\n<section class=\"alignwide section \"><div class=\"section__inner\">\n<div class=\"wp-block-verdure-teaser-special teaser-special is-vertically-aligned-center\">\n<figure class=\"wp-block-image size-full teaser-special__media\"><img loading=\"lazy\" decoding=\"async\" width=\"1620\" height=\"1080\" src=\"https:\/\/carboliq.com\/app\/uploads\/2025\/04\/carboliq_Verfahren-1620x1080.avif\" alt=\"\" class=\"wp-image-1079\" srcset=\"https:\/\/carboliq.com\/app\/uploads\/2025\/04\/carboliq_Verfahren-1620x1080.avif 1620w, https:\/\/carboliq.com\/app\/uploads\/2025\/04\/carboliq_Verfahren-768x512.avif 768w, https:\/\/carboliq.com\/app\/uploads\/2025\/04\/carboliq_Verfahren-1536x1024.avif 1536w, https:\/\/carboliq.com\/app\/uploads\/2025\/04\/carboliq_Verfahren-2048x1365.avif 2048w\" sizes=\"auto, (max-width: 1620px) 100vw, 1620px\" \/><\/figure>\n\n\n\n<div class=\"wp-block-group alignfull teaser-special__content is-layout-flow wp-block-group-is-layout-flow\">\n<h3 class=\"wp-block-heading\">Unser Beitrag<\/h3>\n\n\n\n<p class=\"teaser-special__desc\">Die in Abf\u00e4llen enthaltenen Ressourcen sind vielf\u00e4ltig und erfordern geeignete Sammelsysteme. Welche Recyclingmethode angewendet wird, sollte anhand der Effizienz bewertet werden. Bei Kunststoffabf\u00e4llen ist mechanisches Recycling dann eine Option, wenn das wiedergewonnene Polymer in einer weiteren Anwendung genutzt werden kann. F\u00fcr gemischte oder verschmutzte Kunststoffabf\u00e4lle sind chemische Verfahren oft n\u00f6tig. <\/p>\n\n\n\n<p class=\"teaser-special__desc\">Die Zerlegung in Baugruppen (Monomere) oder Bausteine (Kohlenwasserstoffe) erlauben die Nutzung zur Herstellung neuer hochwertiger Polymere. Dabei werden sowohl Umwelt- als auch Ressourcenschutz und Klimaschutz ber\u00fccksichtigt.<\/p>\n\n\n\n<div class=\"wp-block-buttons is-layout-flex wp-block-buttons-is-layout-flex\">\n<div class=\"wp-block-button is-style-fill\"><a class=\"wp-block-button__link wp-element-button\" href=\"https:\/\/carboliq.com\/de\/429-2\/\">Unsere L\u00f6sungen im \u00dcberblick<\/a><\/div>\n<\/div>\n<\/div>\n<\/div>\n<\/div><\/section>\n","protected":false},"excerpt":{"rendered":"<p>One morning, when Gregor Samsa woke from troubled dreams<\/p>\n","protected":false},"author":1,"featured_media":1769,"parent":247,"menu_order":0,"comment_status":"closed","ping_status":"closed","template":"","meta":{"footnotes":""},"page_category":[],"class_list":["post-249","page","type-page","status-publish","has-post-thumbnail","hentry"],"yoast_head":"<!-- This site is optimized with the Yoast SEO Premium plugin v26.5 (Yoast SEO v26.5) - https:\/\/yoast.com\/wordpress\/plugins\/seo\/ -->\n<title>Umweltschutz - Carboliq GmbH<\/title>\n<meta name=\"robots\" content=\"index, follow, max-snippet:-1, max-image-preview:large, max-video-preview:-1\" \/>\n<link rel=\"canonical\" href=\"https:\/\/carboliq.com\/de\/nachhaltigkeit\/umweltschutz\/\" \/>\n<meta property=\"og:locale\" content=\"de_DE\" \/>\n<meta property=\"og:type\" content=\"article\" \/>\n<meta property=\"og:title\" content=\"Umweltschutz\" \/>\n<meta property=\"og:description\" content=\"One morning, when Gregor Samsa woke from troubled dreams\" \/>\n<meta property=\"og:url\" content=\"https:\/\/carboliq.com\/de\/nachhaltigkeit\/umweltschutz\/\" \/>\n<meta property=\"og:site_name\" content=\"Carboliq GmbH\" \/>\n<meta property=\"article:modified_time\" content=\"2025-08-01T15:02:25+00:00\" \/>\n<meta property=\"og:image\" content=\"https:\/\/carboliq.com\/app\/uploads\/2025\/07\/iStock-1415812622-1619x1080.avif\" \/>\n\t<meta property=\"og:image:width\" content=\"2560\" \/>\n\t<meta property=\"og:image:height\" content=\"1708\" \/>\n\t<meta property=\"og:image:type\" content=\"image\/jpeg\" \/>\n<meta name=\"twitter:card\" content=\"summary_large_image\" \/>\n<meta name=\"twitter:label1\" content=\"Gesch\u00e4tzte Lesezeit\" \/>\n\t<meta name=\"twitter:data1\" content=\"3\u00a0Minuten\" \/>\n<script type=\"application\/ld+json\" class=\"yoast-schema-graph\">{\"@context\":\"https:\/\/schema.org\",\"@graph\":[{\"@type\":\"WebPage\",\"@id\":\"https:\/\/carboliq.com\/de\/nachhaltigkeit\/umweltschutz\/\",\"url\":\"https:\/\/carboliq.com\/de\/nachhaltigkeit\/umweltschutz\/\",\"name\":\"Umweltschutz - Carboliq GmbH\",\"isPartOf\":{\"@id\":\"https:\/\/carboliq.com\/de\/#website\"},\"primaryImageOfPage\":{\"@id\":\"https:\/\/carboliq.com\/de\/nachhaltigkeit\/umweltschutz\/#primaryimage\"},\"image\":{\"@id\":\"https:\/\/carboliq.com\/de\/nachhaltigkeit\/umweltschutz\/#primaryimage\"},\"thumbnailUrl\":\"https:\/\/carboliq.com\/app\/uploads\/2025\/07\/iStock-1415812622-1619x1080.avif\",\"datePublished\":\"2025-03-12T15:27:57+00:00\",\"dateModified\":\"2025-08-01T15:02:25+00:00\",\"breadcrumb\":{\"@id\":\"https:\/\/carboliq.com\/de\/nachhaltigkeit\/umweltschutz\/#breadcrumb\"},\"inLanguage\":\"de\",\"potentialAction\":[{\"@type\":\"ReadAction\",\"target\":[\"https:\/\/carboliq.com\/de\/nachhaltigkeit\/umweltschutz\/\"]}]},{\"@type\":\"ImageObject\",\"inLanguage\":\"de\",\"@id\":\"https:\/\/carboliq.com\/de\/nachhaltigkeit\/umweltschutz\/#primaryimage\",\"url\":\"https:\/\/carboliq.com\/app\/uploads\/2025\/07\/iStock-1415812622-1619x1080.avif\",\"contentUrl\":\"https:\/\/carboliq.com\/app\/uploads\/2025\/07\/iStock-1415812622-1619x1080.avif\",\"width\":2560,\"height\":1708,\"caption\":\"Group of volunteers collecting thrash and cleaning the beach together.\"},{\"@type\":\"BreadcrumbList\",\"@id\":\"https:\/\/carboliq.com\/de\/nachhaltigkeit\/umweltschutz\/#breadcrumb\",\"itemListElement\":[{\"@type\":\"ListItem\",\"position\":1,\"name\":\"Home\",\"item\":\"https:\/\/carboliq.com\/de\/\"},{\"@type\":\"ListItem\",\"position\":2,\"name\":\"Nachhaltigkeit\",\"item\":\"https:\/\/carboliq.com\/de\/nachhaltigkeit\/\"},{\"@type\":\"ListItem\",\"position\":3,\"name\":\"Umweltschutz\"}]},{\"@type\":\"WebSite\",\"@id\":\"https:\/\/carboliq.com\/de\/#website\",\"url\":\"https:\/\/carboliq.com\/de\/\",\"name\":\"carboliq GmbH\",\"description\":\"Innovation aus Freude an Technik\",\"publisher\":{\"@id\":\"https:\/\/carboliq.com\/de\/#organization\"},\"potentialAction\":[{\"@type\":\"SearchAction\",\"target\":{\"@type\":\"EntryPoint\",\"urlTemplate\":\"https:\/\/carboliq.com\/de\/?s={search_term_string}\"},\"query-input\":{\"@type\":\"PropertyValueSpecification\",\"valueRequired\":true,\"valueName\":\"search_term_string\"}}],\"inLanguage\":\"de\"},{\"@type\":\"Organization\",\"@id\":\"https:\/\/carboliq.com\/de\/#organization\",\"name\":\"carboliq GmbH\",\"url\":\"https:\/\/carboliq.com\/de\/\",\"logo\":{\"@type\":\"ImageObject\",\"inLanguage\":\"de\",\"@id\":\"https:\/\/carboliq.com\/de\/#\/schema\/logo\/image\/\",\"url\":\"https:\/\/carboliq.com\/app\/uploads\/2025\/08\/CLIQ_Logo_ohne_Claim-1920x402.webp\",\"contentUrl\":\"https:\/\/carboliq.com\/app\/uploads\/2025\/08\/CLIQ_Logo_ohne_Claim-1920x402.webp\",\"width\":2560,\"height\":536,\"caption\":\"carboliq GmbH\"},\"image\":{\"@id\":\"https:\/\/carboliq.com\/de\/#\/schema\/logo\/image\/\"},\"sameAs\":[\"https:\/\/www.linkedin.com\/company\/carboliq\/posts\/?feedView=all\"]}]}<\/script>\n<!-- \/ Yoast SEO Premium plugin. -->","yoast_head_json":{"title":"Umweltschutz - Carboliq GmbH","robots":{"index":"index","follow":"follow","max-snippet":"max-snippet:-1","max-image-preview":"max-image-preview:large","max-video-preview":"max-video-preview:-1"},"canonical":"https:\/\/carboliq.com\/de\/nachhaltigkeit\/umweltschutz\/","og_locale":"de_DE","og_type":"article","og_title":"Umweltschutz","og_description":"One morning, when Gregor Samsa woke from troubled dreams","og_url":"https:\/\/carboliq.com\/de\/nachhaltigkeit\/umweltschutz\/","og_site_name":"Carboliq GmbH","article_modified_time":"2025-08-01T15:02:25+00:00","og_image":[{"width":2560,"height":1708,"url":"https:\/\/carboliq.com\/app\/uploads\/2025\/07\/iStock-1415812622-1619x1080.avif","type":"image\/jpeg"}],"twitter_card":"summary_large_image","twitter_misc":{"Gesch\u00e4tzte Lesezeit":"3\u00a0Minuten"},"schema":{"@context":"https:\/\/schema.org","@graph":[{"@type":"WebPage","@id":"https:\/\/carboliq.com\/de\/nachhaltigkeit\/umweltschutz\/","url":"https:\/\/carboliq.com\/de\/nachhaltigkeit\/umweltschutz\/","name":"Umweltschutz - Carboliq GmbH","isPartOf":{"@id":"https:\/\/carboliq.com\/de\/#website"},"primaryImageOfPage":{"@id":"https:\/\/carboliq.com\/de\/nachhaltigkeit\/umweltschutz\/#primaryimage"},"image":{"@id":"https:\/\/carboliq.com\/de\/nachhaltigkeit\/umweltschutz\/#primaryimage"},"thumbnailUrl":"https:\/\/carboliq.com\/app\/uploads\/2025\/07\/iStock-1415812622-1619x1080.avif","datePublished":"2025-03-12T15:27:57+00:00","dateModified":"2025-08-01T15:02:25+00:00","breadcrumb":{"@id":"https:\/\/carboliq.com\/de\/nachhaltigkeit\/umweltschutz\/#breadcrumb"},"inLanguage":"de","potentialAction":[{"@type":"ReadAction","target":["https:\/\/carboliq.com\/de\/nachhaltigkeit\/umweltschutz\/"]}]},{"@type":"ImageObject","inLanguage":"de","@id":"https:\/\/carboliq.com\/de\/nachhaltigkeit\/umweltschutz\/#primaryimage","url":"https:\/\/carboliq.com\/app\/uploads\/2025\/07\/iStock-1415812622-1619x1080.avif","contentUrl":"https:\/\/carboliq.com\/app\/uploads\/2025\/07\/iStock-1415812622-1619x1080.avif","width":2560,"height":1708,"caption":"Group of volunteers collecting thrash and cleaning the beach together."},{"@type":"BreadcrumbList","@id":"https:\/\/carboliq.com\/de\/nachhaltigkeit\/umweltschutz\/#breadcrumb","itemListElement":[{"@type":"ListItem","position":1,"name":"Home","item":"https:\/\/carboliq.com\/de\/"},{"@type":"ListItem","position":2,"name":"Nachhaltigkeit","item":"https:\/\/carboliq.com\/de\/nachhaltigkeit\/"},{"@type":"ListItem","position":3,"name":"Umweltschutz"}]},{"@type":"WebSite","@id":"https:\/\/carboliq.com\/de\/#website","url":"https:\/\/carboliq.com\/de\/","name":"carboliq GmbH","description":"Innovation aus Freude an Technik","publisher":{"@id":"https:\/\/carboliq.com\/de\/#organization"},"potentialAction":[{"@type":"SearchAction","target":{"@type":"EntryPoint","urlTemplate":"https:\/\/carboliq.com\/de\/?s={search_term_string}"},"query-input":{"@type":"PropertyValueSpecification","valueRequired":true,"valueName":"search_term_string"}}],"inLanguage":"de"},{"@type":"Organization","@id":"https:\/\/carboliq.com\/de\/#organization","name":"carboliq GmbH","url":"https:\/\/carboliq.com\/de\/","logo":{"@type":"ImageObject","inLanguage":"de","@id":"https:\/\/carboliq.com\/de\/#\/schema\/logo\/image\/","url":"https:\/\/carboliq.com\/app\/uploads\/2025\/08\/CLIQ_Logo_ohne_Claim-1920x402.webp","contentUrl":"https:\/\/carboliq.com\/app\/uploads\/2025\/08\/CLIQ_Logo_ohne_Claim-1920x402.webp","width":2560,"height":536,"caption":"carboliq GmbH"},"image":{"@id":"https:\/\/carboliq.com\/de\/#\/schema\/logo\/image\/"},"sameAs":["https:\/\/www.linkedin.com\/company\/carboliq\/posts\/?feedView=all"]}]}},"_links":{"self":[{"href":"https:\/\/carboliq.com\/de\/wp-json\/wp\/v2\/pages\/249","targetHints":{"allow":["GET"]}}],"collection":[{"href":"https:\/\/carboliq.com\/de\/wp-json\/wp\/v2\/pages"}],"about":[{"href":"https:\/\/carboliq.com\/de\/wp-json\/wp\/v2\/types\/page"}],"author":[{"embeddable":true,"href":"https:\/\/carboliq.com\/de\/wp-json\/wp\/v2\/users\/1"}],"replies":[{"embeddable":true,"href":"https:\/\/carboliq.com\/de\/wp-json\/wp\/v2\/comments?post=249"}],"version-history":[{"count":3,"href":"https:\/\/carboliq.com\/de\/wp-json\/wp\/v2\/pages\/249\/revisions"}],"predecessor-version":[{"id":1796,"href":"https:\/\/carboliq.com\/de\/wp-json\/wp\/v2\/pages\/249\/revisions\/1796"}],"up":[{"embeddable":true,"href":"https:\/\/carboliq.com\/de\/wp-json\/wp\/v2\/pages\/247"}],"wp:featuredmedia":[{"embeddable":true,"href":"https:\/\/carboliq.com\/de\/wp-json\/wp\/v2\/media\/1769"}],"wp:attachment":[{"href":"https:\/\/carboliq.com\/de\/wp-json\/wp\/v2\/media?parent=249"}],"wp:term":[{"taxonomy":"page_category","embeddable":true,"href":"https:\/\/carboliq.com\/de\/wp-json\/wp\/v2\/page_category?post=249"}],"curies":[{"name":"wp","href":"https:\/\/api.w.org\/{rel}","templated":true}]}}